{"version":"1.0","provider_name":"Ha \u00e9n lenn\u00e9k a n\u0151, aki...","provider_url":"https:\/\/lennek.cafeblog.hu","author_name":"M\u00e9z","author_url":"https:\/\/lennek.cafeblog.hu\/author\/ballaagi78gmail-com\/","title":"Hiszem, hogy minden kapcsolatban mindenhez k\u00e9t ember kell.","html":"<div id=\"js_21g\" class=\"_5pbx userContent\">\r\n<div id=\"id_58cd085d107956838197820\" class=\"text_exposed_root text_exposed\">\r\n<p><img class=\"size-full wp-image-6 alignright\" src=\"https:\/\/lennek.cafeblog.hu\/files\/2017\/03\/images.jpg\" alt=\"\" width=\"280\" height=\"180\" \/><\/p>\r\n<h4>Hiszem, hogy minden kapcsolatban mindenhez k\u00e9t ember kell.<br \/><br \/><br \/>A var\u00e1zslathoz, mosolyokhoz, a k\u00e9telyekhez, az elv\u00e1r\u00e1sokhoz, az egym\u00e1s mellett \u00e1ll\u00e1shoz, a rep\u00fcl\u00e9shez, a vit\u00e1khoz, a k\u00fczdelmekhez, a kitart\u00e1shoz, az elf\u00e1rad\u00e1shoz.....<br \/>minden k\u00e9t ember m\u0171ve.... <br \/>k\u00e9t ember tette vagy nem tette...<\/h4>\r\n<div class=\"text_exposed_show\">\r\n<h4>-m\u00e9z-<\/h4>\r\n<\/div>\r\n<\/div>\r\n<\/div>\r\n<div class=\"_3x-2\">\u00a0<\/div>","type":"rich"}